{"id":10911,"date":"2024-09-17T10:21:34","date_gmt":"2024-09-17T08:21:34","guid":{"rendered":"https:\/\/jafestival.com\/protagonista\/monika-zgustova\/"},"modified":"2025-07-24T12:57:38","modified_gmt":"2025-07-24T10:57:38","slug":"monika-zgustova","status":"publish","type":"protagonista","link":"https:\/\/jafestival.com\/en\/participant\/monika-zgustova\/","title":{"rendered":"Monika Zgustova"},"content":{"rendered":"<p>(Prague, 1957) She has lived in Barcelona since the 1980s. A writer and journalist, she contributes to El Pa\u00eds, among other national and international newspapers. She is also a prominent translator from Czech and Russian of authors such as Bohumil Hrabal, Jaroslav Ha\u0161ek, V\u00e1clav Havel, Milan Kundera, Anna Akhm\u00e1tova and Marina Tsvet\u00e1ieva. Some of her books are \u2018Las rosas de Stalin\u2019 (2016),\u00a0\u2018Vestidas para un baile en la nieve\u2019 (Premio C\u00e1lamo, 2017)), \u2018La intrusa\u2019\u00a0(2018),\u00a0\u2018Un rev\u00f3lver para salir de noche\u2019\u00a0(2019),\u00a0&#8216;Nos ve\u00edamos mejor en la oscuridad\u2019 (2022); all of them, published by Galaxia Gutenberg. In 2024, she published \u2018Yo soy Milena de Praga&#8217; with the same publisher. She is also the author of two plays; her work has been translated into several languages.<\/p>\n<p>Photo \u00a9 Dani de Pablos<\/p>\n","protected":false},"featured_media":12083,"template":"","meta":{"_et_pb_use_builder":"","_et_pb_old_content":"","_et_gb_content_width":""},"edicion":[703],"class_list":["post-10911","protagonista","type-protagonista","status-publish","has-post-thumbnail","hentry","edicion-2024-en-2"],"_links":{"self":[{"href":"https:\/\/jafestival.com\/en\/wp-json\/wp\/v2\/protagonista\/10911","targetHints":{"allow":["GET"]}}],"collection":[{"href":"https:\/\/jafestival.com\/en\/wp-json\/wp\/v2\/protagonista"}],"about":[{"href":"https:\/\/jafestival.com\/en\/wp-json\/wp\/v2\/types\/protagonista"}],"version-history":[{"count":2,"href":"https:\/\/jafestival.com\/en\/wp-json\/wp\/v2\/protagonista\/10911\/revisions"}],"predecessor-version":[{"id":12086,"href":"https:\/\/jafestival.com\/en\/wp-json\/wp\/v2\/protagonista\/10911\/revisions\/12086"}],"wp:featuredmedia":[{"embeddable":true,"href":"https:\/\/jafestival.com\/en\/wp-json\/wp\/v2\/media\/12083"}],"wp:attachment":[{"href":"https:\/\/jafestival.com\/en\/wp-json\/wp\/v2\/media?parent=10911"}],"wp:term":[{"taxonomy":"edicion","embeddable":true,"href":"https:\/\/jafestival.com\/en\/wp-json\/wp\/v2\/edicion?post=10911"}],"curies":[{"name":"wp","href":"https:\/\/api.w.org\/{rel}","templated":true}]}}