{"id":5952,"date":"2022-06-22T16:10:54","date_gmt":"2022-06-22T14:10:54","guid":{"rendered":"https:\/\/jafestival.com\/protagonista\/joaquin-reyes\/"},"modified":"2025-09-15T11:30:34","modified_gmt":"2025-09-15T09:30:34","slug":"joaquin-reyes","status":"publish","type":"protagonista","link":"https:\/\/jafestival.com\/eu\/protagonista\/joaquin-reyes\/","title":{"rendered":"Joaqu\u00edn Reyes"},"content":{"rendered":"<p>Albaceten jaio zen 1974an eta Cuencako Arte Ederren Fakultatean lizentziatu zen. Laster bideratu zen \u00acumorerantz, unibertsitate garaitik ezagutzen dituen Juli\u00e1n L\u00f3pez, Ra\u00fal Cimas eta Ernesto Sevilla bidelagun zituela. Beranduago, Carlos Areces eta Ignatius Farray batu zitzaizkion taldeari. Elkarrekin, belaunaldi oso baten umorean eragina izan duten \u201cLa hora chanante\u201d eta \u201cMuchahada Nui\u201d telesaioak egin zituzten. Gainera, Joaqu\u00edn Reyesek hainbat pertsonaia karakterizatzen eta parodiatzen zituen. Artista polifazetikoa da: umorista, marrazkilaria, aktorea, bakarrizketaria, aurkezlea, gidoilaria, eta, orain, baita idazlea ere. Umorea aldarrikatuz beti, Blackie Books argitaletxean argitaratu berri du haren lehenbiziko eleberria: \u2019Subid\u00f3n\u2019.<\/p>\n","protected":false},"featured_media":12300,"template":"","meta":{"_et_pb_use_builder":"","_et_pb_old_content":"","_et_gb_content_width":""},"edicion":[669,664,706],"class_list":["post-5952","protagonista","type-protagonista","status-publish","has-post-thumbnail","hentry","edicion-2016-eu","edicion-2021-eu","edicion-2025-eu"],"_links":{"self":[{"href":"https:\/\/jafestival.com\/eu\/wp-json\/wp\/v2\/protagonista\/5952","targetHints":{"allow":["GET"]}}],"collection":[{"href":"https:\/\/jafestival.com\/eu\/wp-json\/wp\/v2\/protagonista"}],"about":[{"href":"https:\/\/jafestival.com\/eu\/wp-json\/wp\/v2\/types\/protagonista"}],"version-history":[{"count":1,"href":"https:\/\/jafestival.com\/eu\/wp-json\/wp\/v2\/protagonista\/5952\/revisions"}],"predecessor-version":[{"id":12303,"href":"https:\/\/jafestival.com\/eu\/wp-json\/wp\/v2\/protagonista\/5952\/revisions\/12303"}],"wp:featuredmedia":[{"embeddable":true,"href":"https:\/\/jafestival.com\/eu\/wp-json\/wp\/v2\/media\/12300"}],"wp:attachment":[{"href":"https:\/\/jafestival.com\/eu\/wp-json\/wp\/v2\/media?parent=5952"}],"wp:term":[{"taxonomy":"edicion","embeddable":true,"href":"https:\/\/jafestival.com\/eu\/wp-json\/wp\/v2\/edicion?post=5952"}],"curies":[{"name":"wp","href":"https:\/\/api.w.org\/{rel}","templated":true}]}}